{"id":7296,"date":"2025-11-07T14:13:32","date_gmt":"2025-11-07T13:13:32","guid":{"rendered":"https:\/\/bor.hu\/magazine\/wines-of-hungary-heads-stateside-this-autumn\/"},"modified":"2025-11-07T14:54:42","modified_gmt":"2025-11-07T13:54:42","slug":"wines-of-hungary-heads-stateside-this-autumn","status":"publish","type":"page","link":"https:\/\/bor.hu\/en\/magazine\/wines-of-hungary-heads-stateside-this-autumn\/","title":{"rendered":"Wines of Hungary heads Stateside this autumn"},"content":{"rendered":"<section class=\"section__news-header\">\n    <img decoding=\"async\" src=\"https:\/\/bor.hu\/wp-content\/themes\/wp-theme-bor\/assets\/images\/decor\/logo-transparent-1.svg\" alt=\"decor\" class=\"ofi-contain-center-center section__news-header__decor\">\n    <div class=\"container\">\n        <div class=\"row\">\n            <div class=\"col-12\">\n                <div class=\"news-header__wrapper\">\n                                            <img decoding=\"async\" src=\"https:\/\/bor.hu\/wp-content\/uploads\/2025\/11\/inbound7338289263123417787-scaled.jpg\" alt=\"Usa cikk\" class=\"ofi-cover-center-center news-header__thumbnail d-xl-block d-none\">\n\n                        <div class=\"thumbnail__wrapper d-xl-none d-block\">\n                            <img decoding=\"async\" src=\"https:\/\/bor.hu\/wp-content\/uploads\/2025\/11\/inbound7338289263123417787-scaled.jpg\" alt=\"Usa cikk\" class=\"ofi-cover-center-center news-header__thumbnail\">\n                        <\/div>\n                    \n                    <div class=\"news-header__content\">\n                                                    <div class=\"news-header__tags\">\n                                                                    <p class=\"badge badge--light d-xl-block d-none\">Professional<\/p>\n                                    <p class=\"badge d-xl-none d-block\">Professional<\/p>\n                                                            <\/div>\n                        \n                                                    <h3 class=\"news-header__title\">Wines of Hungary heads Stateside this autumn<\/h3>\n                        \n                                                    <div class=\"news-header__meta\">\n                                                                    <p class=\"body-2 news-header__meta__date\"><strong> 2025. November 7.<\/strong><\/p>\n                                \n                                                                    <p class=\"body-2 news-header__meta__author\">Sue Tolson<\/p>\n                                                            <\/div>\n                        \n                                                    <div class=\"d-xl-block d-none\">\n                                <div class=\"social-share__wrapper is_ligth\">\n    <a href=\"https:\/\/www.facebook.com\/sharer\/sharer.php?u=https:\/\/bor.hu\/en\/magazine\/wines-of-hungary-heads-stateside-this-autumn\/\" target=\"_blank\">\n        <img decoding=\"async\" src=\"https:\/\/bor.hu\/wp-content\/themes\/wp-theme-bor\/assets\/images\/icons\/facebook-light.svg\" alt=\"\">\n    <\/a>\n\n    <a href=\"http:\/\/twitter.com\/share?url=https:\/\/bor.hu\/en\/magazine\/wines-of-hungary-heads-stateside-this-autumn\/\" target=\"_blank\">\n        <img decoding=\"async\" src=\"https:\/\/bor.hu\/wp-content\/themes\/wp-theme-bor\/assets\/images\/icons\/x-light.svg\" alt=\"\">\n    <\/a>\n\n    <img decoding=\"async\" src=\"https:\/\/bor.hu\/wp-content\/themes\/wp-theme-bor\/assets\/images\/icons\/copy-light.svg\" alt=\"\" class=\"js-copy-link cursor-pointer\" data-copy=\"https:\/\/bor.hu\/en\/magazine\/wines-of-hungary-heads-stateside-this-autumn\/\">\n<\/div>\n                            <\/div>\n\n                            <div class=\"d-xl-none d-block\">\n                                <div class=\"social-share__wrapper \">\n    <a href=\"https:\/\/www.facebook.com\/sharer\/sharer.php?u=https:\/\/bor.hu\/en\/magazine\/wines-of-hungary-heads-stateside-this-autumn\/\" target=\"_blank\">\n        <img decoding=\"async\" src=\"https:\/\/bor.hu\/wp-content\/themes\/wp-theme-bor\/assets\/images\/icons\/facebook.svg\" alt=\"\">\n    <\/a>\n\n    <a href=\"http:\/\/twitter.com\/share?url=https:\/\/bor.hu\/en\/magazine\/wines-of-hungary-heads-stateside-this-autumn\/\" target=\"_blank\">\n        <img decoding=\"async\" src=\"https:\/\/bor.hu\/wp-content\/themes\/wp-theme-bor\/assets\/images\/icons\/x.svg\" alt=\"\">\n    <\/a>\n\n    <img decoding=\"async\" src=\"https:\/\/bor.hu\/wp-content\/themes\/wp-theme-bor\/assets\/images\/icons\/copy.svg\" alt=\"\" class=\"js-copy-link cursor-pointer\" data-copy=\"https:\/\/bor.hu\/en\/magazine\/wines-of-hungary-heads-stateside-this-autumn\/\">\n<\/div>\n                            <\/div>\n                                            <\/div>\n                <\/div>\n            <\/div>\n        <\/div>\n    <\/div>\n<\/section>\n\n<section class=\"section__article-body\">\n    <div class=\"container\">\n        <div class=\"row justify-content-center\">\n            <div class=\"col-xl-6 col-12\">\n                <div class=\"article-body__wrapper\">\n                    <div class=\"text__wrapper\">\n    <p>According to the Alcohol Consumption Tracker US, imported wines are increasingly embraced by both Gen Z and Millennial consumers. Wines of Hungary has now set its sights firmly on the US with its first targeted campaign aiming to tap into these generations\u2019 growing curiosity for authenticity, sustainability and stories of origin.<\/p>\n<p><strong><em>Natural and orange<\/em><\/strong><\/p>\n<p>The campaign kicked off in August and has heated up recently with the support of two natural wine fairs in New York at the end of October. The Hungarian Wine Marketing Agency\u2019s Head of International Marketing Nikolett Garai pointed out that this is no longer \u201can alternative category\u201d but rather one that is \u201chere to stay and moving the needle of Hungarian wine forward\u201d.<\/p>\n<p>Karakterre 16, Central and Eastern European wine\u2019s leading organic, biodynamic and natural wine fair took place at Domino Park Square, Brooklyn, New York on 25 October and featured seven Hungarian wine producers from Soml\u00f3, Balatonf\u00fcred, Balaton-felvid\u00e9k, M\u00e1tra, Neszm\u00e9ly and Vill\u00e1ny. Laci J\u00e1sz, P.A.N.K., D\u00e1vid B\u00f6k\u0151, Oliver Weingartner, Pager, Turay and Wassmann presented their exciting wines to a curious public.<\/p>\n<p>The following day, Hungarian wineries were also out in force at the annual Orange Glou Festival at Home Studios in New York City, with nine producers participating. Laci J\u00e1sz, Oliver Weingartner, Pager and D\u00e1vid B\u00f6k\u0151 were joined by Tomi Vincze, Lenkey Pinc\u00e9szet, D\u00fazsi Tam\u00e1s, Bussay Pince and Soml\u00f3i V\u00e1ndor to showcase some of Hungary\u2019s best and most exciting orange wines at this fourth Orange Glou Fair.<\/p>\n<p><strong><em>Anything but BORing<\/em><\/strong><\/p>\n<p>Hungarian wines will continue to consolidate their foothold in the US in November with a series of masterclasses curated by John Szabo MS and trade tastings across the country. These events will bring the diversity and dynamism of Hungarian wine to four key US cities. The programme will showcase Hungary\u2019s indigenous and regional grape varieties, including dry Furmint, Olaszrizling, Kadarka, Bikav\u00e9r, K\u00e9kfrankos, Vill\u00e1nyi Franc and Tokaji Asz\u00fa, as well as lesser-known hidden treasures.<\/p>\n<p>The event series will focus on education, networking and discovery to engage sommeliers, importers, distributors, educators and media professionals in the exciting world of Hungarian wine.<\/p>\n<p>The Wines of Hungary USA Tour 2025 will kick off at the Wythe Hotel in New York City on 11 November. \u00a0John Szabo MS will lead a deep dive into Hungary\u2019s native varieties, styles and terroirs followed by a walkaround tasting featuring 31 top Hungarian wineries, giving professionals the opportunity to meet producers in person. Participants will be able to explore everything from pet-nats, sparkling wines and volcanic wines through to elegant reds and noble sweet wines from across Hungary and discover wines from the Tokaj, Vill\u00e1ny, Szeksz\u00e1rd, Soml\u00f3, Eger, Pannonhalma, Sopron, Balatonf\u00fcred-Csopak, Balaton Highlands, Balatonbogl\u00e1r, Etyek-Buda and Haj\u00f3s-Baja wine districts.<\/p>\n<\/div><div class=\"image-with-caption__wrapper \">\n            <div class=\"image__wrapper\">\n            <img decoding=\"async\" src=\"https:\/\/bor.hu\/wp-content\/uploads\/2025\/11\/20251025_121302-scaled.jpg\" alt=\"20251025_121302\" class=\"ofi-cover-center-center\">\n        <\/div>\n    \n    <\/div><div class=\"text__wrapper\">\n    <p>The tour will continue at 1 Hotel West, Hollywood, Los Angeles on 13 November with a masterclass and walkaround tasting featuring 23 producers from all over Hungary. The tasting will focus on wines already available in the US, emphasising accessibility for trade and hospitality professionals. The tour\u2019s next stop will be at Soho House, Austin, Texas on 17 November, where the focus will be on regional availability and local partners, showcasing how Hungarian wines are already gaining traction in the Lone Star State. The masterclass will focus on wines currently distributed by local partners such as Maverick Beverage Company, Splurge Distribution and Favorite Brands.<\/p>\n<p>The final stop on the tour will be at Avec River North, Chicago on 19 November where the focus will be on exploring volcanic whites, K\u00e9kfrankos and world-class Tokaji wines, many of which are available through Illinois distributors.<\/p>\n<p>As P\u00e1l R\u00f3kusfalvy, Government Commissioner for National Wine Marketing points out, the United States is \u201cone of the most important markets in the world\u201d. R\u00f3kusfalvy is confident that American drinkers \u201cwill embrace Hungarian wine once they are properly introduced to it\u201d.<\/p>\n<p>The US\u2019s introduction to Hungarian wine is well on the way as Wines of Hungary launched its new image film earlier this year, which R\u00f3kusfalvy states will anchor the campaign with \u201ca strong visual identity and storytelling that captures the uniqueness and spirit of Hungarian wine.\u201d<\/p>\n<\/div><div class=\"image-with-caption__wrapper \">\n            <div class=\"image__wrapper\">\n            <img decoding=\"async\" src=\"https:\/\/bor.hu\/wp-content\/uploads\/2025\/11\/20251025_110252-scaled.jpg\" alt=\"20251025_110252\" class=\"ofi-cover-center-center\">\n        <\/div>\n    \n    <\/div><div class=\"text__wrapper\">\n    <p><em>Photos: Hungarian Wine Marketing Agency<\/em><\/p>\n<\/div>                <\/div>\n            <\/div>\n        <\/div>\n    <\/div>\n<\/section>\n\n\n<div style=\"height:45px\" aria-hidden=\"true\" class=\"wp-block-spacer\"><\/div>\n\n\n\n<section class=\"section__news-list\" style=\"background-color: #f3f4f8;\">\n\n    \n    <div class=\"container\">\n        <div class=\"row\">\n            <div class=\"col-12\">\n\n                                    <h4 class=\"section-title\">Olvasd el ezeket is!<\/h4>\n                \n                <div\n                    class=\"news-list__wrapper js-news-container\"\n                    data-limit=3                    data-order=DESC>\n                <\/div>\n\n                            <\/div>\n        <\/div>\n    <\/div>\n<\/section>\n","protected":false},"excerpt":{"rendered":"","protected":false},"author":3,"featured_media":0,"parent":6674,"menu_order":0,"comment_status":"closed","ping_status":"closed","template":"","meta":{"_acf_changed":false,"footnotes":""},"class_list":["post-7296","page","type-page","status-publish","hentry"],"acf":[],"yoast_head":"<!-- This site is optimized with the Yoast SEO plugin v26.3 - https:\/\/yoast.com\/wordpress\/plugins\/seo\/ -->\n<title>Wines of Hungary heads Stateside this autumn - Magyar Bor<\/title>\n<meta name=\"robots\" content=\"index, follow, max-snippet:-1, max-image-preview:large, max-video-preview:-1\" \/>\n<link rel=\"canonical\" href=\"https:\/\/bor.hu\/en\/magazine\/wines-of-hungary-heads-stateside-this-autumn\/\" \/>\n<meta property=\"og:locale\" content=\"en_US\" \/>\n<meta property=\"og:type\" content=\"article\" \/>\n<meta property=\"og:title\" content=\"Wines of Hungary heads Stateside this autumn - Magyar Bor\" \/>\n<meta property=\"og:url\" content=\"https:\/\/bor.hu\/en\/magazine\/wines-of-hungary-heads-stateside-this-autumn\/\" \/>\n<meta property=\"og:site_name\" content=\"Magyar Bor\" \/>\n<meta property=\"article:publisher\" content=\"https:\/\/www.facebook.com\/magyarborfacebook\/\" \/>\n<meta property=\"article:modified_time\" content=\"2025-11-07T13:54:42+00:00\" \/>\n<meta property=\"og:image\" content=\"https:\/\/bor.hu\/wp-content\/uploads\/2025\/11\/mb_logo-05.png\" \/>\n\t<meta property=\"og:image:width\" content=\"979\" \/>\n\t<meta property=\"og:image:height\" content=\"979\" \/>\n\t<meta property=\"og:image:type\" content=\"image\/png\" \/>\n<meta name=\"twitter:card\" content=\"summary_large_image\" \/>\n<script type=\"application\/ld+json\" class=\"yoast-schema-graph\">{\"@context\":\"https:\/\/schema.org\",\"@graph\":[{\"@type\":\"WebPage\",\"@id\":\"https:\/\/bor.hu\/en\/magazine\/wines-of-hungary-heads-stateside-this-autumn\/\",\"url\":\"https:\/\/bor.hu\/en\/magazine\/wines-of-hungary-heads-stateside-this-autumn\/\",\"name\":\"Wines of Hungary heads Stateside this autumn - Magyar Bor\",\"isPartOf\":{\"@id\":\"https:\/\/bor.hu\/en\/#website\"},\"datePublished\":\"2025-11-07T13:13:32+00:00\",\"dateModified\":\"2025-11-07T13:54:42+00:00\",\"breadcrumb\":{\"@id\":\"https:\/\/bor.hu\/en\/magazine\/wines-of-hungary-heads-stateside-this-autumn\/#breadcrumb\"},\"inLanguage\":\"en-US\",\"potentialAction\":[{\"@type\":\"ReadAction\",\"target\":[\"https:\/\/bor.hu\/en\/magazine\/wines-of-hungary-heads-stateside-this-autumn\/\"]}]},{\"@type\":\"BreadcrumbList\",\"@id\":\"https:\/\/bor.hu\/en\/magazine\/wines-of-hungary-heads-stateside-this-autumn\/#breadcrumb\",\"itemListElement\":[{\"@type\":\"ListItem\",\"position\":1,\"name\":\"Kezd\u0151lap\",\"item\":\"https:\/\/bor.hu\/en\/\"},{\"@type\":\"ListItem\",\"position\":2,\"name\":\"Magazine\",\"item\":\"https:\/\/bor.hu\/en\/magazine\/\"},{\"@type\":\"ListItem\",\"position\":3,\"name\":\"Wines of Hungary heads Stateside this autumn\"}]},{\"@type\":\"WebSite\",\"@id\":\"https:\/\/bor.hu\/en\/#website\",\"url\":\"https:\/\/bor.hu\/en\/\",\"name\":\"Magyar Bor\",\"description\":\"\",\"publisher\":{\"@id\":\"https:\/\/bor.hu\/en\/#organization\"},\"potentialAction\":[{\"@type\":\"SearchAction\",\"target\":{\"@type\":\"EntryPoint\",\"urlTemplate\":\"https:\/\/bor.hu\/en\/?s={search_term_string}\"},\"query-input\":{\"@type\":\"PropertyValueSpecification\",\"valueRequired\":true,\"valueName\":\"search_term_string\"}}],\"inLanguage\":\"en-US\"},{\"@type\":\"Organization\",\"@id\":\"https:\/\/bor.hu\/en\/#organization\",\"name\":\"Magyar Bor\",\"url\":\"https:\/\/bor.hu\/en\/\",\"logo\":{\"@type\":\"ImageObject\",\"inLanguage\":\"en-US\",\"@id\":\"https:\/\/bor.hu\/en\/#\/schema\/logo\/image\/\",\"url\":\"https:\/\/bor.hu\/wp-content\/uploads\/2025\/11\/mb_logo-05.png\",\"contentUrl\":\"https:\/\/bor.hu\/wp-content\/uploads\/2025\/11\/mb_logo-05.png\",\"width\":979,\"height\":979,\"caption\":\"Magyar Bor\"},\"image\":{\"@id\":\"https:\/\/bor.hu\/en\/#\/schema\/logo\/image\/\"},\"sameAs\":[\"https:\/\/www.facebook.com\/magyarborfacebook\/\",\"https:\/\/www.instagram.com\/magyarbor\/\",\"https:\/\/www.linkedin.com\/company\/winesofhungary\/\"]}]}<\/script>\n<!-- \/ Yoast SEO plugin. -->","yoast_head_json":{"title":"Wines of Hungary heads Stateside this autumn - Magyar Bor","robots":{"index":"index","follow":"follow","max-snippet":"max-snippet:-1","max-image-preview":"max-image-preview:large","max-video-preview":"max-video-preview:-1"},"canonical":"https:\/\/bor.hu\/en\/magazine\/wines-of-hungary-heads-stateside-this-autumn\/","og_locale":"en_US","og_type":"article","og_title":"Wines of Hungary heads Stateside this autumn - Magyar Bor","og_url":"https:\/\/bor.hu\/en\/magazine\/wines-of-hungary-heads-stateside-this-autumn\/","og_site_name":"Magyar Bor","article_publisher":"https:\/\/www.facebook.com\/magyarborfacebook\/","article_modified_time":"2025-11-07T13:54:42+00:00","og_image":[{"width":979,"height":979,"url":"https:\/\/bor.hu\/wp-content\/uploads\/2025\/11\/mb_logo-05.png","type":"image\/png"}],"twitter_card":"summary_large_image","schema":{"@context":"https:\/\/schema.org","@graph":[{"@type":"WebPage","@id":"https:\/\/bor.hu\/en\/magazine\/wines-of-hungary-heads-stateside-this-autumn\/","url":"https:\/\/bor.hu\/en\/magazine\/wines-of-hungary-heads-stateside-this-autumn\/","name":"Wines of Hungary heads Stateside this autumn - Magyar Bor","isPartOf":{"@id":"https:\/\/bor.hu\/en\/#website"},"datePublished":"2025-11-07T13:13:32+00:00","dateModified":"2025-11-07T13:54:42+00:00","breadcrumb":{"@id":"https:\/\/bor.hu\/en\/magazine\/wines-of-hungary-heads-stateside-this-autumn\/#breadcrumb"},"inLanguage":"en-US","potentialAction":[{"@type":"ReadAction","target":["https:\/\/bor.hu\/en\/magazine\/wines-of-hungary-heads-stateside-this-autumn\/"]}]},{"@type":"BreadcrumbList","@id":"https:\/\/bor.hu\/en\/magazine\/wines-of-hungary-heads-stateside-this-autumn\/#breadcrumb","itemListElement":[{"@type":"ListItem","position":1,"name":"Kezd\u0151lap","item":"https:\/\/bor.hu\/en\/"},{"@type":"ListItem","position":2,"name":"Magazine","item":"https:\/\/bor.hu\/en\/magazine\/"},{"@type":"ListItem","position":3,"name":"Wines of Hungary heads Stateside this autumn"}]},{"@type":"WebSite","@id":"https:\/\/bor.hu\/en\/#website","url":"https:\/\/bor.hu\/en\/","name":"Magyar Bor","description":"","publisher":{"@id":"https:\/\/bor.hu\/en\/#organization"},"potentialAction":[{"@type":"SearchAction","target":{"@type":"EntryPoint","urlTemplate":"https:\/\/bor.hu\/en\/?s={search_term_string}"},"query-input":{"@type":"PropertyValueSpecification","valueRequired":true,"valueName":"search_term_string"}}],"inLanguage":"en-US"},{"@type":"Organization","@id":"https:\/\/bor.hu\/en\/#organization","name":"Magyar Bor","url":"https:\/\/bor.hu\/en\/","logo":{"@type":"ImageObject","inLanguage":"en-US","@id":"https:\/\/bor.hu\/en\/#\/schema\/logo\/image\/","url":"https:\/\/bor.hu\/wp-content\/uploads\/2025\/11\/mb_logo-05.png","contentUrl":"https:\/\/bor.hu\/wp-content\/uploads\/2025\/11\/mb_logo-05.png","width":979,"height":979,"caption":"Magyar Bor"},"image":{"@id":"https:\/\/bor.hu\/en\/#\/schema\/logo\/image\/"},"sameAs":["https:\/\/www.facebook.com\/magyarborfacebook\/","https:\/\/www.instagram.com\/magyarbor\/","https:\/\/www.linkedin.com\/company\/winesofhungary\/"]}]}},"_links":{"self":[{"href":"https:\/\/bor.hu\/en\/wp-json\/wp\/v2\/pages\/7296","targetHints":{"allow":["GET"]}}],"collection":[{"href":"https:\/\/bor.hu\/en\/wp-json\/wp\/v2\/pages"}],"about":[{"href":"https:\/\/bor.hu\/en\/wp-json\/wp\/v2\/types\/page"}],"author":[{"embeddable":true,"href":"https:\/\/bor.hu\/en\/wp-json\/wp\/v2\/users\/3"}],"replies":[{"embeddable":true,"href":"https:\/\/bor.hu\/en\/wp-json\/wp\/v2\/comments?post=7296"}],"version-history":[{"count":1,"href":"https:\/\/bor.hu\/en\/wp-json\/wp\/v2\/pages\/7296\/revisions"}],"predecessor-version":[{"id":7298,"href":"https:\/\/bor.hu\/en\/wp-json\/wp\/v2\/pages\/7296\/revisions\/7298"}],"up":[{"embeddable":true,"href":"https:\/\/bor.hu\/en\/wp-json\/wp\/v2\/pages\/6674"}],"wp:attachment":[{"href":"https:\/\/bor.hu\/en\/wp-json\/wp\/v2\/media?parent=7296"}],"curies":[{"name":"wp","href":"https:\/\/api.w.org\/{rel}","templated":true}]}}